{"id":25541,"date":"2002-03-09T17:31:14","date_gmt":"2002-03-09T22:31:14","guid":{"rendered":"https:\/\/www.haiti-reference.com\/pages\/?page_id=25541"},"modified":"2024-01-07T15:45:26","modified_gmt":"2024-01-07T20:45:26","slug":"sud","status":"publish","type":"page","link":"https:\/\/www.haiti-reference.info\/pages\/plan\/geographie-et-tourisme\/divisions-territoriales\/arrondissements-et-communes\/sud\/","title":{"rendered":"7320.009.-  Arrondissements et communes: Sud"},"content":{"rendered":"<h4 class=\"ephem_date\">Aquin:<\/h4>\n<hr \/>\n<p class=\"welcome\" style=\"padding-left: 5%;\">\u2261 Aquin<br \/>\n<img decoding=\"async\" style=\"padding-right: 5%;\" src=\"\/.\/images\/line-bar\/red_belt.gif\" \/><\/p>\n<div style=\"padding-left: 6%; padding-right: 6%; text-align: justify;\">\n<p>Fond\u00e9e par les premiers habitants de l&rsquo;\u00eele qui l&rsquo;appelait alors Aquimo. les Espagnols d\u00e9plac\u00e8rent la ville en la pla\u00e7ant \u00e0 l&rsquo;endroit o\u00f9 elle se trouve aujourd&rsquo;hui. Les Fran\u00e7ais la rebaptis\u00e8rent Aquin. Elle fut \u00e9lev\u00e9e au rang de commune en 1776.<br \/>\nAquin fut le th\u00e9\u00e2tre le 7\u00a0juillet 1800 de la derni\u00e8re bataille de la guerre civile. Dessalines en sortit victorieux.<\/p>\n<ul class=\"indent-bullet\">\n<li>Sigle: AQN<\/li>\n<li>Habitants: Aquinois<\/li>\n<li><strong>Recensements:<\/strong><br \/>\n\u26a4 1950: 58.412 habitants<br \/>\n\u26a4 1971: 79.324 habitants<br \/>\n\u26a4 1982: 57.400 haotitans<br \/>\n\u26a4 2003: 95.004 habitants<\/li>\n<li><b>Fameux Aquinois:<\/b><br \/>\n\ud83d\udc68 Raymond, Julien<\/li>\n<li>18.28 Nord \/ 73.4 Ouest<\/li>\n<li>40 km des Cayes<\/li>\n<li>Code Postal: HT8310<\/li>\n<li><strong>F\u00eate patronale:<\/strong> Saint thomas d&rsquo;Aquin (28 janvier)<\/li>\n<\/ul>\n<\/div>\n<p class=\"welcome\" style=\"padding-left: 5%;\">\u2261 Saint Louis du Sud<br \/>\n<img decoding=\"async\" style=\"padding-right: 5%;\" src=\"\/.\/images\/line-bar\/red_belt.gif\" \/><\/p>\n<div style=\"padding-left: 6%; padding-right: 6%; text-align: justify;\">Fond\u00e9e en 1508 par les Espagnols sous le nom de \u00ab Villa Nueva de Yaquine \u00bb, elle est l&rsquo;une des plus anciennes villes d\u2019Ha\u00efti. Apr\u00e8s la signature du trait\u00e9 de Ryswick, la ville fut rebaptis\u00e9e portant ainsi le nom du monarque fran\u00e7ais Louis XVI.<br \/>\nPour la prot\u00e9ger d&rsquo;un possible retour des Fran\u00e7ais\u00a0 on y construit le Fort des Oliviers (1705) aujourd&rsquo;hui en ruines.<\/p>\n<ul class=\"indent-bullet\">\n<li>Sigle: SLS<\/li>\n<li>Habitants: Saint Louisiens<\/li>\n<li>18.32 Nord \/ 73.17 Ouest<\/li>\n<li>25 km des Cayes<\/li>\n<li><strong>F\u00eate patronale:<\/strong> Saint Louis roi de France (25 ao\u00fbt)<\/li>\n<\/ul>\n<\/div>\n<p class=\"welcome\" style=\"padding-left: 5%;\">\u2261 Cavaillon<br \/>\n<img decoding=\"async\" style=\"padding-right: 5%;\" src=\"\/.\/images\/line-bar\/red_belt.gif\" \/><\/p>\n<div style=\"padding-left: 6%; padding-right: 6%; text-align: justify;\">\n<p>Cavaillon fut une paroisse en 1720. On ignore la date de son \u00e9l\u00e9vation au rang de commune, mais elle avait ce statut en 1817 puisqu&rsquo;elle s&rsquo;\u00e9tait fait repr\u00e9senter par un certain Verdier \u00e0 la Chambre des communes cette ann\u00e9e-la.<br \/>\nAujourd&rsquo;hui, la commune est born\u00e9e au nord, par les communes de Plaisance du Sud et de Barad\u00e8res ; au sud, par la Mer des Antilles et par la commune de Saint Louis du Sud ; \u00e0 l\u2019est, par les communes de l\u2019Asile, de Plaisance du Sud, par la Mer des Antilles et de Saint Louis du Sud et \u00e0 l\u2019ouest, par les communes des Cayes et de Maniche.<\/p>\n<ul class=\"indent-bullet\">\n<li>Sigle: CVL<\/li>\n<li>Habitants: Cavaillonnais<\/li>\n<li>18.30 Nord 73.65 Ouest17 km des Cayes<\/li>\n<li><strong>F\u00eate patronale:<\/strong> Notre-Dame du perp\u00e9tuel Secours (27 juin)<\/li>\n<\/ul>\n<\/div>\n<p><a name=\"cayes\"><\/a><\/p>\n<h4 class=\"ephem_date\">Cayes:<\/h4>\n<hr \/>\n<p class=\"welcome\" style=\"padding-left: 5%;\">\u2261 Cayes<br \/>\n<img decoding=\"async\" style=\"padding-right: 5%;\" src=\"\/.\/images\/line-bar\/red_belt.gif\" \/><\/p>\n<div style=\"padding-left: 6%; padding-right: 6%; text-align: justify;\">\n<p>Apparemment la ville des Cayes fut fond\u00e9e en 1726 selon un plan dress\u00e9 par M. de la Lance sur l&#8217;emplacement d&rsquo;un bourg espagnol nomm\u00e9e <i>Salvatierra de la Zabana <\/i>(Terre sauv\u00e9e des eaux) fond\u00e9e en 1503. Cette ville fut abandonn\u00e9e en 1540..<\/p>\n<ul class=\"indent-bullet\">\n<li>Sigle: CAY<\/li>\n<li>Habitants: Cayens<\/li>\n<li><strong>Recensements:<\/strong><br \/>\n\u26a4 1950: 62.882 habitants<br \/>\n\u26a4 1971: 116.596 habitants<br \/>\n\u26a4 1982: 105. 383 habitants<br \/>\n\u26a4 2003: 125.799 habitants<\/li>\n<li>18:20 Nord 73:75 Ouest<\/li>\n<li>196 km de Port-au-Prince<\/li>\n<li>Code Postal: HT8110<\/li>\n<li>Voir aussi: <a title=\"page consacr\u00e9e \u00e0 la ville des Cayes\" href=\"\/pages\/plan\/geographie-et-tourisme\/divisions-territoriales\/arrondissements-et-communes\/les-cayes\/\">Profil de la ville des Cayes<\/a><\/li>\n<\/ul>\n<\/div>\n<p class=\"welcome\" style=\"padding-left: 5%;\">\u2261 Camp-Perrin<br \/>\n<img decoding=\"async\" style=\"padding-right: 5%;\" src=\"\/.\/images\/line-bar\/red_belt.gif\" \/><\/p>\n<div style=\"padding-left: 6%; padding-right: 6%; text-align: justify;\">\n<ul class=\"indent-bullet\">\n<li>Sigle: CPN<\/li>\n<li>Habitants: Camp\u00e9rinois<\/li>\n<li>18:32 Nord 73:87 Ouest<\/li>\n<li>18 km des Cayes<\/li>\n<li><strong>F\u00eate patronale:<\/strong> Sainte Anne (26 juillet)<\/li>\n<\/ul>\n<\/div>\n<p class=\"welcome\" style=\"padding-left: 5%;\">\u2261 Chantal<br \/>\n<img decoding=\"async\" style=\"padding-right: 5%;\" src=\"\/.\/images\/line-bar\/red_belt.gif\" \/><\/p>\n<div style=\"padding-left: 6%; padding-right: 6%; text-align: justify;\">\n<p>La commune de Chantal est limit\u00e9e au nord, par les communes de Corail, de Beaumont et de Torbeck ; au sud, par les communes Port-Salut, de Roche \u00e0 Bateau, de Port-\u00e0-Piment et de C\u00f4teaux ; \u00e0 l\u2019est, par la commune de Torbeck et \u00e0 l\u2019ouest, par les communes de Chardonni\u00e8res, de Port-a-Piment, de C\u00f4teaux, de Roche-\u00e0-Bateau et de Port-Salut.<\/p>\n<ul class=\"indent-bullet\">\n<li>Sigle: CTL<\/li>\n<li>Habitants: Chantalais<\/li>\n<li>18:20 Nord 73:88 Ouest<\/li>\n<li>14 km des Cayes<\/li>\n<li><strong>F\u00eate patronale:<\/strong> Saint Jeanne (12 d\u00e9cembre)<\/li>\n<\/ul>\n<\/div>\n<p class=\"welcome\" style=\"padding-left: 5%;\">\u2261 L&rsquo;\u00eele \u00e0 Vaches<br \/>\n<img decoding=\"async\" style=\"padding-right: 5%;\" src=\"\/.\/images\/line-bar\/red_belt.gif\" \/><\/p>\n<div style=\"padding-left: 6%; padding-right: 6%; text-align: justify;\">\n<ul class=\"indent-bullet\">\n<li>Sigle: IVC<\/li>\n<li>Habitants: Vachiens<\/li>\n<li>18:50 Nord 73.33 Ouest<\/li>\n<li>7 \u00a0km au sud des Cayes<\/li>\n<li><strong>F\u00eate patronale:<\/strong> Notre-Dame de la Mer (8 septembre)<\/li>\n<\/ul>\n<\/div>\n<p class=\"welcome\" style=\"padding-left: 5%;\">\u2261 Maniche<br \/>\n<img decoding=\"async\" style=\"padding-right: 5%;\" src=\"\/.\/images\/line-bar\/red_belt.gif\" \/><\/p>\n<div style=\"padding-left: 6%; padding-right: 6%; text-align: justify;\">\n<ul class=\"indent-bullet\">\n<li>Sigle: MNC<\/li>\n<li>Habitants: Manichos<\/li>\n<li>18:35 Nord 73:77 Ouest<\/li>\n<li>17 km des Cayes<\/li>\n<li><strong>F\u00eate patronale:<\/strong> Saint Rose de Lima (23 ao\u00fbt)<\/li>\n<\/ul>\n<\/div>\n<p class=\"welcome\" style=\"padding-left: 5%;\">\u2261 Torbeck<br \/>\n<img decoding=\"async\" style=\"padding-right: 5%;\" src=\"\/.\/images\/line-bar\/red_belt.gif\" \/><\/p>\n<div style=\"padding-left: 6%; padding-right: 6%; text-align: justify;\">\n<p>Avec une superficie de 201,86 km2 (IHSI, 1998),la commune de Torbeck est limit\u00e9e au nord par le d\u00e9partement de la Grande-Anse; au sud par la mer des Antilles; \u00e0 l&rsquo;ouest par la commune de Chantal et la commune d&rsquo;Arniquet et \u00e0 l&rsquo;est par la commune de Camp Perrin et la commune des Cayes.<\/p>\n<ul class=\"indent-bullet\">\n<li>Sigle: TBK<\/li>\n<li>Habitants: Torbeckois<\/li>\n<li>18:17 Nord 73:81 Ouest<\/li>\n<li>8 km des Cayes<\/li>\n<li><strong>F\u00eate patronale:<\/strong> Saint Joseph (19 mars)<\/li>\n<\/ul>\n<\/div>\n<p><a name=\"Chardonni\u00e8res\"><\/a><\/p>\n<h4 class=\"ephem_date\">Chardonni\u00e8res:<\/h4>\n<hr \/>\n<p class=\"welcome\" style=\"padding-left: 5%;\">\u2261 Chardonni\u00e8res<br \/>\n<img decoding=\"async\" style=\"padding-right: 5%;\" src=\"\/.\/images\/line-bar\/red_belt.gif\" \/><\/p>\n<div style=\"padding-left: 6%; padding-right: 6%; text-align: justify;\">\n<ul class=\"indent-bullet\">\n<li>Sigle: CDN<\/li>\n<li>Habitants: Chardon\u00e9siens<\/li>\n<li><b>Recensement:<\/b><br \/>\n\u26a4 2003: 25.308 habitants<\/li>\n<li>18:27 Nord 74:17 Ouest<\/li>\n<li>45 km des Cayes<\/li>\n<li>Code Postal: HT8510<\/li>\n<li><strong>F\u00eate patronale:<\/strong> Sainte Anne (26 juillet)<\/li>\n<\/ul>\n<\/div>\n<p class=\"welcome\" style=\"padding-left: 5%;\">\u2261 Les Anglais<br \/>\n<img decoding=\"async\" style=\"padding-right: 5%;\" src=\"\/.\/images\/line-bar\/red_belt.gif\" \/><\/p>\n<div style=\"padding-left: 6%; padding-right: 6%; text-align: justify;\">\u00c9rig\u00e9 en commune en 1881, la ville fut \u00e0 l&rsquo;origine un petit village qui prit naissance sur l&rsquo;habitation du Granvier entre les Cayes et Tiburon.<br \/>\nEn 1869, les Cacos et les Piquets en ont fait un des terrains de leurs nombreux affrontements causant bien de souffrances dans la population civile.<\/p>\n<ul class=\"indent-bullet\">\n<li>Sigle: LAG<\/li>\n<li>Habitants: Anglais<\/li>\n<li><b>Recensement:<\/b><br \/>\n\u26a4 2003: 25.652 habitants<\/li>\n<li>18:33 Nord 74:21 Ouest<\/li>\n<li>59 km des Cayes<\/li>\n<li>Code postal: HT8520<\/li>\n<li><strong>F\u00eate patronale:<\/strong> Immacul\u00e9e conception (8 d\u00e9cembre)<\/li>\n<\/ul>\n<\/div>\n<p class=\"welcome\" style=\"padding-left: 5%;\">\u2261 Tiburon<br \/>\n<img decoding=\"async\" style=\"padding-right: 5%;\" src=\"\/.\/images\/line-bar\/red_belt.gif\" \/><\/p>\n<div style=\"padding-left: 6%; padding-right: 6%; text-align: justify;\">Le bourg, apparemment, existait du temps des aborig\u00e8nes. Il acquit une certaine importance du temps de la colonie fran\u00e7aise, \u00e0 cause de sa position et de son port. Il fut la r\u00e9sidence d\u2019un major du roi de France. On y trouvait \u00e9galement un capitaine de pont, un pr\u00e9v\u00f4t, un brigadier.<br \/>\nBastion des affranchis au dernier quart du 18<sup>\u00e8me<\/sup> si\u00e8cle, il suscita la convoitise des Anglais qui l\u2019occup\u00e8rent en f\u00e9vrier 1794. Andr\u00e9 Rigaud, suite \u00e0 des attaques r\u00e9p\u00e9t\u00e9es de ses brigades le reprit en octobre 1794 au nom de la France.<br \/>\n\u2261<br \/>\n<strong>Sources :<br \/>\n<\/strong>Rouzier, Semexant. Dictionnaire g\u00e9ographique et administratif universel d&rsquo;Ha\u00efti illustr\u00e9 &#8230; : ou Guide g\u00e9n\u00e9ral en Ha\u00efti. Tome 4. Paris : Imprimerie Brevet\u00e9e Charles Blot. Pp. 186-190.<br \/>\n\u2261<br \/>\nM\u00e9d\u00e9ric-Louis-Elie <em>Moreau de\u00a0Saint-M\u00e9ry.<\/em> Description topographique, physique, civile, politique et historique de la partie fran\u00e7aise de l&rsquo;isle Saint-Domingue.Paris\u00a0: Chex \u00d0upont, p. 751.<\/p>\n<ul class=\"indent-bullet\">\n<li>Sigle: TBR<\/li>\n<li>Habitants: Tiburonnais<\/li>\n<li><strong>Fameux Tiburonnais:<\/strong><br \/>\n\ud83d\udc68 Pierre-Louis Murzaine : Premier citoyen \u00e0 repr\u00e9senter cette commune \u00e0 la Chambre \u00e9tablie en 1817.<br \/>\n\ud83d\udc68 G\u00e9n\u00e9ral Lajane : Membre du gouvernement provisoire de 1843<br \/>\n\ud83d\udc68 G\u00e9n\u00e9ral Louis Dufr\u00e8ne : Ministre de la guerre sous le second empire, duc de Tiburon18:33 Nord 74:40 Ouest<\/li>\n<li>70 km des Cayes<\/li>\n<li><strong>F\u00eate patronale:<\/strong> Saint Jean-Baptiste (24 juin)<\/li>\n<\/ul>\n<\/div>\n<p><a name=\"Coteaux\"><\/a><\/p>\n<h4 class=\"ephem_date\">Coteaux:<\/h4>\n<hr \/>\n<p class=\"welcome\" style=\"padding-left: 5%;\">\u2261 Coteaux<br \/>\n<img decoding=\"async\" style=\"padding-right: 5%;\" src=\"\/.\/images\/line-bar\/red_belt.gif\" \/><\/p>\n<div style=\"padding-left: 6%; padding-right: 6%; text-align: justify;\">\n<ul class=\"indent-bullet\">><\/p>\n<li>Sigle: CTX<\/li>\n<li>Habitants: Cotelais<\/li>\n<li>18:20 Nord 74:03 Ouest<\/li>\n<li>30 km des Cayes<\/li>\n<li>Code Postal: HT8410<\/li>\n<li><strong>F\u00eate patronale:<\/strong> Saint Pierre et Paul (29 juin)<\/li>\n<\/ul>\n<\/div>\n<p class=\"welcome\" style=\"padding-left: 5%;\">\u2261 Port-\u00e0-Piment<br \/>\n<img decoding=\"async\" style=\"padding-right: 5%;\" src=\"\/.\/images\/line-bar\/red_belt.gif\" \/><\/p>\n<div style=\"padding-left: 6%; padding-right: 6%; text-align: justify;\">\n<ul class=\"indent-bullet\">\n<li>Sigle: PPS<\/li>\n<li>Habitants: Portapimentais<\/li>\n<li>18:25 Nord 74:10 Ouest<\/li>\n<li>37 km des Cayes<\/li>\n<li><strong>F\u00eate patronale:\u00a0<\/strong>Notre-Dame du rosaire (7 octobre)<\/li>\n<\/ul>\n<\/div>\n<p class=\"welcome\" style=\"padding-left: 5%;\">\u2261 Roche \u00e0 Bateaux<br \/>\n<img decoding=\"async\" style=\"padding-right: 5%;\" src=\"\/.\/images\/line-bar\/red_belt.gif\" \/><\/p>\n<div style=\"padding-left: 6%; padding-right: 6%; text-align: justify;\">\n<p>Fond\u00e9e en 1800 et \u00e9lev\u00e9e au rang de commune en 1953, la commune de Roche-\u00e0-Bateau est limit\u00e9e au nord, par la commune de Chantal ; au sud, par la Mer des Antilles, \u00e0 l\u2019est, par les communes de Port-Salut et de Chantal et \u00e0 l\u2019ouest, par la commune de C\u00f4teaux et la Mer des Antilles. Elle est accessible par le tron\u00e7on de route qui part de Port-Salut.<\/p>\n<ul class=\"indent-bullet\">\n<li>Sigle: RBT<\/li>\n<li>Habitants: Rochelois ou Roche \u00e0 Batelais<\/li>\n<li>18:33 Nord 74:00 Ouest<\/li>\n<li>30 km des Cayes<\/li>\n<li><strong>F\u00eate patronale:<\/strong> Saint Michel (29 septembre)<\/li>\n<\/ul>\n<\/div>\n<p><a name=\"port_salut\"><\/a><\/p>\n<h4 class=\"ephem_date\">Port-Salut:<\/h4>\n<hr \/>\n<p class=\"welcome\" style=\"padding-left: 5%;\">\u2261 Port-Salut<br \/>\n<img decoding=\"async\" style=\"padding-right: 5%;\" src=\"\/.\/images\/line-bar\/red_belt.gif\" \/><\/p>\n<div style=\"padding-left: 6%; padding-right: 6%; text-align: justify;\">\n<p>Une localit\u00e9 c\u00f4ti\u00e8re, la fondation de la commune de Port-Salut remonte \u00e0 l&rsquo;ann\u00e9e 1784 et portait alors le nom be \u00ab\u00a0Habacuc\u00a0\u00bb. Elle fut \u00e9lev\u00e9e au rang de commune de commune en 1806. Elle est born\u00e9e au nord, par la commune d\u2019Arniquet ; au sud, par la Mer des Cara\u00efbes ; \u00e0 l\u2019est, par les communes de St-Jean du Sud et de Torbeck et \u00e0 l\u2019ouest, par la mer des Antilles.<\/p>\n<ul class=\"indent-bullet\">\n<li>Sigle: PSL<\/li>\n<li>Habitants: Portsalutains<\/li>\n<li>18:07 Nord 73:91 Ouest<\/li>\n<li>km des Cayes<\/li>\n<li>Code Postal: HT8210<\/li>\n<li><b>Fameux Portsalutains:<\/b><br \/>\n\ud83d\udc68 <a href=\"\/pages\/plan\/histoire-et-societe\/notables\/chefs-detat\/jean-bertrand-aristide\/\">Aristide, \u00a0Jean-Bertrand<\/a>\u00a0(1953): pr\u00e9sident d&rsquo;Haiti)<br \/>\n\ud83d\udc68 <a href=\"\/pages\/notables\/\/getperson.php?personID=I182&amp;tree=Politique\">Ch\u00e9restal, Jean-Marie<\/a> (1947): premier ministre de 2001 \u00e0 2002.<br \/>\n\ud83d\udc68 <a href=\"\/pages\/notables\/\/getperson.php?personID=I156&amp;tree=Politique\">H\u00e9rard, Charles Rivi\u00e8re<\/a>\u00a0(1789-1850): pr\u00e9sident d&rsquo;Haiti<\/li>\n<li><strong>F\u00eate patronale:<\/strong> Saint Dominique (4 ao\u00fbt)<\/li>\n<\/ul>\n<\/div>\n<p class=\"welcome\" style=\"padding-left: 5%;\">\u2261 St Jean du Sud<br \/>\n<img decoding=\"async\" style=\"padding-right: 5%;\" src=\"\/.\/images\/line-bar\/red_belt.gif\" \/><\/p>\n<div style=\"padding-left: 6%; padding-right: 6%; text-align: justify;\">\n<p>Elev\u00e9e au rang de commune en 1929, elle portait le nom de Trou-de-Port avant d&rsquo;adopter d\u00e9finitement celui de Saint Jean du Sud.<\/p>\n<ul class=\"indent-bullet\">\n<li>Sigle: SJS<\/li>\n<li>Habitants: Saint Jeannois du Sud<\/li>\n<li><b>Recensement:<\/b><br \/>\n\u26a4 2003: 19.087 habitants<\/li>\n<li>18.08 Nord 73.82 Ouest<\/li>\n<li>15 km des Cayes<\/li>\n<li><strong>F\u00eate patronale:<\/strong> Saint Jean-Baptiste (24 juin)<\/li>\n<\/ul>\n<\/div>\n<p class=\"welcome\" style=\"padding-left: 5%;\">\u2261 Arniquet<br \/>\n<img decoding=\"async\" style=\"padding-right: 5%;\" src=\"\/.\/images\/line-bar\/red_belt.gif\" \/><\/p>\n<div style=\"padding-left: 6%; padding-right: 6%; text-align: justify;\">\n<p>Autrefois une section communale d\u00e9pendant de Port-Salut, Arniquet fut \u00e9lev\u00e9 au rang de commune en 1980. La commune est limit\u00e9e au nord, par les communes de Chantal et de Torbeck; au sud, par la commune de Port-Salut; \u00e0 l&rsquo;est, par les communes de Torbeck et de Port-Salut et \u00e0 l&rsquo;ouest, par la Mer des Antilles et la commune de Roche-\u00e0-B\u00e2teau.<\/p>\n<ul class=\"indent-bullet\">\n<li>Sigle: AQT<\/li>\n<li>Habitants: Arniquetois<\/li>\n<li><b>Recensement:<\/b><br \/>\n\u26a4 2003: 7.250 habitants<\/li>\n<li>18.15 Nord 73.87\u00a0Ouest<\/li>\n<li>19 km des Cayes<\/li>\n<li><strong>F\u00eate patronale:\u00a0<\/strong>Notre-Dame du Mont-Carmel (16 juillet)<\/li>\n<\/ul>\n<\/div>\n","protected":false},"excerpt":{"rendered":"<p>Aquin: \u2261 Aquin Fond\u00e9e par les premiers habitants de l&rsquo;\u00eele qui l&rsquo;appelait alors Aquimo. les Espagnols d\u00e9plac\u00e8rent la ville en la pla\u00e7ant \u00e0 l&rsquo;endroit o\u00f9 elle se trouve aujourd&rsquo;hui. Les [&hellip;]<\/p>\n","protected":false},"author":1,"featured_media":0,"parent":2452,"menu_order":9,"comment_status":"closed","ping_status":"closed","template":"page-next.php","meta":{"footnotes":""},"categories":[],"class_list":["post-25541","page","type-page","status-publish","hentry"],"yoast_head":"<!-- This site is optimized with the Yoast SEO plugin v27.5 - https:\/\/yoast.com\/product\/yoast-seo-wordpress\/ -->\n<title>7320.009.- Arrondissements et communes: Sud &#187; Haiti-R\u00e9f\u00e9rence<\/title>\n<meta name=\"description\" content=\"Informations sur les arrondissements et communes du D\u00e9partement du Sud.\" \/>\n<meta name=\"robots\" content=\"index, follow, max-snippet:-1, max-image-preview:large, max-video-preview:-1\" \/>\n<link rel=\"canonical\" href=\"https:\/\/www.haiti-reference.info\/pages\/plan\/geographie-et-tourisme\/divisions-territoriales\/arrondissements-et-communes\/sud\/\" \/>\n<meta property=\"og:locale\" content=\"fr_CA\" \/>\n<meta property=\"og:type\" content=\"article\" \/>\n<meta property=\"og:title\" content=\"7320.009.- Arrondissements et communes: Sud &#187; Haiti-R\u00e9f\u00e9rence\" \/>\n<meta property=\"og:description\" content=\"Informations sur les arrondissements et communes du D\u00e9partement du Sud.\" \/>\n<meta property=\"og:url\" content=\"https:\/\/www.haiti-reference.info\/pages\/plan\/geographie-et-tourisme\/divisions-territoriales\/arrondissements-et-communes\/sud\/\" \/>\n<meta property=\"og:site_name\" content=\"Haiti-R\u00e9f\u00e9rence\" \/>\n<meta property=\"article:modified_time\" content=\"2024-01-07T20:45:26+00:00\" \/>\n<meta name=\"twitter:card\" content=\"summary_large_image\" \/>\n<meta name=\"twitter:label1\" content=\"Estimation du temps de lecture\" \/>\n\t<meta name=\"twitter:data1\" content=\"6 minutes\" \/>\n<script type=\"application\/ld+json\" class=\"yoast-schema-graph\">{\"@context\":\"https:\\\/\\\/schema.org\",\"@graph\":[{\"@type\":\"WebPage\",\"@id\":\"https:\\\/\\\/www.haiti-reference.info\\\/pages\\\/plan\\\/geographie-et-tourisme\\\/divisions-territoriales\\\/arrondissements-et-communes\\\/sud\\\/\",\"url\":\"https:\\\/\\\/www.haiti-reference.info\\\/pages\\\/plan\\\/geographie-et-tourisme\\\/divisions-territoriales\\\/arrondissements-et-communes\\\/sud\\\/\",\"name\":\"7320.009.- Arrondissements et communes: Sud &#187; Haiti-R\u00e9f\u00e9rence\",\"isPartOf\":{\"@id\":\"https:\\\/\\\/www.haiti-reference.info\\\/pages\\\/#website\"},\"datePublished\":\"2002-03-09T22:31:14+00:00\",\"dateModified\":\"2024-01-07T20:45:26+00:00\",\"description\":\"Informations sur les arrondissements et communes du D\u00e9partement du Sud.\",\"breadcrumb\":{\"@id\":\"https:\\\/\\\/www.haiti-reference.info\\\/pages\\\/plan\\\/geographie-et-tourisme\\\/divisions-territoriales\\\/arrondissements-et-communes\\\/sud\\\/#breadcrumb\"},\"inLanguage\":\"fr-CA\",\"potentialAction\":[{\"@type\":\"ReadAction\",\"target\":[\"https:\\\/\\\/www.haiti-reference.info\\\/pages\\\/plan\\\/geographie-et-tourisme\\\/divisions-territoriales\\\/arrondissements-et-communes\\\/sud\\\/\"]}]},{\"@type\":\"BreadcrumbList\",\"@id\":\"https:\\\/\\\/www.haiti-reference.info\\\/pages\\\/plan\\\/geographie-et-tourisme\\\/divisions-territoriales\\\/arrondissements-et-communes\\\/sud\\\/#breadcrumb\",\"itemListElement\":[{\"@type\":\"ListItem\",\"position\":1,\"name\":\"Accueil\",\"item\":\"https:\\\/\\\/www.haiti-reference.info\\\/pages\\\/\"},{\"@type\":\"ListItem\",\"position\":2,\"name\":\"Structure du site\",\"item\":\"https:\\\/\\\/www.haiti-reference.info\\\/pages\\\/plan\\\/\"},{\"@type\":\"ListItem\",\"position\":3,\"name\":\"7000.- G\u00e9ographie et tourisme\",\"item\":\"https:\\\/\\\/www.haiti-reference.info\\\/pages\\\/plan\\\/geographie-et-tourisme\\\/\"},{\"@type\":\"ListItem\",\"position\":4,\"name\":\"7300.- Haiti: Divisions territoriales\",\"item\":\"https:\\\/\\\/www.haiti-reference.info\\\/pages\\\/plan\\\/geographie-et-tourisme\\\/divisions-territoriales\\\/\"},{\"@type\":\"ListItem\",\"position\":5,\"name\":\"7320.- Arrondissements et communes d&rsquo;Haiti\",\"item\":\"https:\\\/\\\/www.haiti-reference.info\\\/pages\\\/plan\\\/geographie-et-tourisme\\\/divisions-territoriales\\\/arrondissements-et-communes\\\/\"},{\"@type\":\"ListItem\",\"position\":6,\"name\":\"7320.009.- Arrondissements et communes: Sud\"}]},{\"@type\":\"WebSite\",\"@id\":\"https:\\\/\\\/www.haiti-reference.info\\\/pages\\\/#website\",\"url\":\"https:\\\/\\\/www.haiti-reference.info\\\/pages\\\/\",\"name\":\"Haiti-R\u00e9f\u00e9rence\",\"description\":\"Un guide de r\u00e9f\u00e9rence\",\"publisher\":{\"@id\":\"https:\\\/\\\/www.haiti-reference.info\\\/pages\\\/#organization\"},\"potentialAction\":[{\"@type\":\"SearchAction\",\"target\":{\"@type\":\"EntryPoint\",\"urlTemplate\":\"https:\\\/\\\/www.haiti-reference.info\\\/pages\\\/?s={search_term_string}\"},\"query-input\":{\"@type\":\"PropertyValueSpecification\",\"valueRequired\":true,\"valueName\":\"search_term_string\"}}],\"inLanguage\":\"fr-CA\"},{\"@type\":\"Organization\",\"@id\":\"https:\\\/\\\/www.haiti-reference.info\\\/pages\\\/#organization\",\"name\":\"Haiti-R\u00e9f\u00e9rence\",\"url\":\"https:\\\/\\\/www.haiti-reference.info\\\/pages\\\/\",\"logo\":{\"@type\":\"ImageObject\",\"inLanguage\":\"fr-CA\",\"@id\":\"https:\\\/\\\/www.haiti-reference.info\\\/pages\\\/#\\\/schema\\\/logo\\\/image\\\/\",\"url\":\"https:\\\/\\\/www.haiti-reference.info\\\/pages\\\/wp-content\\\/uploads\\\/2016\\\/04\\\/cropped-cropped-logo_201604-8-1.png\",\"contentUrl\":\"https:\\\/\\\/www.haiti-reference.info\\\/pages\\\/wp-content\\\/uploads\\\/2016\\\/04\\\/cropped-cropped-logo_201604-8-1.png\",\"width\":338,\"height\":87,\"caption\":\"Haiti-R\u00e9f\u00e9rence\"},\"image\":{\"@id\":\"https:\\\/\\\/www.haiti-reference.info\\\/pages\\\/#\\\/schema\\\/logo\\\/image\\\/\"},\"sameAs\":[\"https:\\\/\\\/bsky.app\\\/profile\\\/haiti-reference.bsky.social\"]}]}<\/script>\n<!-- \/ Yoast SEO plugin. -->","yoast_head_json":{"title":"7320.009.- Arrondissements et communes: Sud &#187; Haiti-R\u00e9f\u00e9rence","description":"Informations sur les arrondissements et communes du D\u00e9partement du Sud.","robots":{"index":"index","follow":"follow","max-snippet":"max-snippet:-1","max-image-preview":"max-image-preview:large","max-video-preview":"max-video-preview:-1"},"canonical":"https:\/\/www.haiti-reference.info\/pages\/plan\/geographie-et-tourisme\/divisions-territoriales\/arrondissements-et-communes\/sud\/","og_locale":"fr_CA","og_type":"article","og_title":"7320.009.- Arrondissements et communes: Sud &#187; Haiti-R\u00e9f\u00e9rence","og_description":"Informations sur les arrondissements et communes du D\u00e9partement du Sud.","og_url":"https:\/\/www.haiti-reference.info\/pages\/plan\/geographie-et-tourisme\/divisions-territoriales\/arrondissements-et-communes\/sud\/","og_site_name":"Haiti-R\u00e9f\u00e9rence","article_modified_time":"2024-01-07T20:45:26+00:00","twitter_card":"summary_large_image","twitter_misc":{"Estimation du temps de lecture":"6 minutes"},"schema":{"@context":"https:\/\/schema.org","@graph":[{"@type":"WebPage","@id":"https:\/\/www.haiti-reference.info\/pages\/plan\/geographie-et-tourisme\/divisions-territoriales\/arrondissements-et-communes\/sud\/","url":"https:\/\/www.haiti-reference.info\/pages\/plan\/geographie-et-tourisme\/divisions-territoriales\/arrondissements-et-communes\/sud\/","name":"7320.009.- Arrondissements et communes: Sud &#187; Haiti-R\u00e9f\u00e9rence","isPartOf":{"@id":"https:\/\/www.haiti-reference.info\/pages\/#website"},"datePublished":"2002-03-09T22:31:14+00:00","dateModified":"2024-01-07T20:45:26+00:00","description":"Informations sur les arrondissements et communes du D\u00e9partement du Sud.","breadcrumb":{"@id":"https:\/\/www.haiti-reference.info\/pages\/plan\/geographie-et-tourisme\/divisions-territoriales\/arrondissements-et-communes\/sud\/#breadcrumb"},"inLanguage":"fr-CA","potentialAction":[{"@type":"ReadAction","target":["https:\/\/www.haiti-reference.info\/pages\/plan\/geographie-et-tourisme\/divisions-territoriales\/arrondissements-et-communes\/sud\/"]}]},{"@type":"BreadcrumbList","@id":"https:\/\/www.haiti-reference.info\/pages\/plan\/geographie-et-tourisme\/divisions-territoriales\/arrondissements-et-communes\/sud\/#breadcrumb","itemListElement":[{"@type":"ListItem","position":1,"name":"Accueil","item":"https:\/\/www.haiti-reference.info\/pages\/"},{"@type":"ListItem","position":2,"name":"Structure du site","item":"https:\/\/www.haiti-reference.info\/pages\/plan\/"},{"@type":"ListItem","position":3,"name":"7000.- G\u00e9ographie et tourisme","item":"https:\/\/www.haiti-reference.info\/pages\/plan\/geographie-et-tourisme\/"},{"@type":"ListItem","position":4,"name":"7300.- Haiti: Divisions territoriales","item":"https:\/\/www.haiti-reference.info\/pages\/plan\/geographie-et-tourisme\/divisions-territoriales\/"},{"@type":"ListItem","position":5,"name":"7320.- Arrondissements et communes d&rsquo;Haiti","item":"https:\/\/www.haiti-reference.info\/pages\/plan\/geographie-et-tourisme\/divisions-territoriales\/arrondissements-et-communes\/"},{"@type":"ListItem","position":6,"name":"7320.009.- Arrondissements et communes: Sud"}]},{"@type":"WebSite","@id":"https:\/\/www.haiti-reference.info\/pages\/#website","url":"https:\/\/www.haiti-reference.info\/pages\/","name":"Haiti-R\u00e9f\u00e9rence","description":"Un guide de r\u00e9f\u00e9rence","publisher":{"@id":"https:\/\/www.haiti-reference.info\/pages\/#organization"},"potentialAction":[{"@type":"SearchAction","target":{"@type":"EntryPoint","urlTemplate":"https:\/\/www.haiti-reference.info\/pages\/?s={search_term_string}"},"query-input":{"@type":"PropertyValueSpecification","valueRequired":true,"valueName":"search_term_string"}}],"inLanguage":"fr-CA"},{"@type":"Organization","@id":"https:\/\/www.haiti-reference.info\/pages\/#organization","name":"Haiti-R\u00e9f\u00e9rence","url":"https:\/\/www.haiti-reference.info\/pages\/","logo":{"@type":"ImageObject","inLanguage":"fr-CA","@id":"https:\/\/www.haiti-reference.info\/pages\/#\/schema\/logo\/image\/","url":"https:\/\/www.haiti-reference.info\/pages\/wp-content\/uploads\/2016\/04\/cropped-cropped-logo_201604-8-1.png","contentUrl":"https:\/\/www.haiti-reference.info\/pages\/wp-content\/uploads\/2016\/04\/cropped-cropped-logo_201604-8-1.png","width":338,"height":87,"caption":"Haiti-R\u00e9f\u00e9rence"},"image":{"@id":"https:\/\/www.haiti-reference.info\/pages\/#\/schema\/logo\/image\/"},"sameAs":["https:\/\/bsky.app\/profile\/haiti-reference.bsky.social"]}]}},"_links":{"self":[{"href":"https:\/\/www.haiti-reference.info\/pages\/wp-json\/wp\/v2\/pages\/25541","targetHints":{"allow":["GET"]}}],"collection":[{"href":"https:\/\/www.haiti-reference.info\/pages\/wp-json\/wp\/v2\/pages"}],"about":[{"href":"https:\/\/www.haiti-reference.info\/pages\/wp-json\/wp\/v2\/types\/page"}],"author":[{"embeddable":true,"href":"https:\/\/www.haiti-reference.info\/pages\/wp-json\/wp\/v2\/users\/1"}],"replies":[{"embeddable":true,"href":"https:\/\/www.haiti-reference.info\/pages\/wp-json\/wp\/v2\/comments?post=25541"}],"version-history":[{"count":0,"href":"https:\/\/www.haiti-reference.info\/pages\/wp-json\/wp\/v2\/pages\/25541\/revisions"}],"up":[{"embeddable":true,"href":"https:\/\/www.haiti-reference.info\/pages\/wp-json\/wp\/v2\/pages\/2452"}],"wp:attachment":[{"href":"https:\/\/www.haiti-reference.info\/pages\/wp-json\/wp\/v2\/media?parent=25541"}],"wp:term":[{"taxonomy":"category","embeddable":true,"href":"https:\/\/www.haiti-reference.info\/pages\/wp-json\/wp\/v2\/categories?post=25541"}],"curies":[{"name":"wp","href":"https:\/\/api.w.org\/{rel}","templated":true}]}}