{"id":54078,"date":"2026-04-26T14:46:54","date_gmt":"2026-04-26T18:46:54","guid":{"rendered":"https:\/\/www.haiti-reference.info\/pages\/?post_type=ajde_events&#038;p=54078"},"modified":"2026-04-27T11:42:02","modified_gmt":"2026-04-27T15:42:02","slug":"20260501-foire-agro-artisanale-dbtec","status":"publish","type":"ajde_events","link":"https:\/\/www.haiti-reference.info\/pages\/events\/20260501-foire-agro-artisanale-dbtec\/","title":{"rendered":"Foire agro-artisanale: 7\u00e8 Edition de Journ\u00e9e Portes ouvertes \u00e0 la DBTec"},"content":{"rendered":"<p>La foire Agro-Industrielle \u00e0 la DBTec de Fort-Libert\u00e9 devient un rendez-vous annuel durant lequel les portes de ce campus sont ouvertes \u00e0 tous ceux et toutes celles qui veulent se divertir, apprendre, d\u00e9guster de bons petits plats et voir la r\u00e9alisation de nos \u00e9tudiants, avec entre autres:<\/p>\n<ul>\n<li>son coin caf\u00e9 et rafra\u00eechissant;<\/li>\n<li>son coin Fritay offrant des grillades \u00e0 la saveur du pays;<\/li>\n<li>ses coins Nord et Sud offrant des sp\u00e9cialit\u00e9s des deux grandes r\u00e9gions du pays;<\/li>\n<li>Son coin Expo;<\/li>\n<\/ul>\n<p>Une exp\u00e9rience qui ajoutera sur la collection de vos bons souvenirs!<\/p>\n<div style=\"text-align: center;\"><iframe loading=\"lazy\" style=\"border: none; overflow: hidden;\" src=\"https:\/\/www.facebook.com\/plugins\/video.php?height=476&amp;href=https%3A%2F%2Fwww.facebook.com%2Freel%2F1736794284029890%2F&amp;show_text=false&amp;width=267&amp;t=0\" width=\"267\" height=\"476\" frameborder=\"0\" scrolling=\"no\" allowfullscreen=\"allowfullscreen\"><\/iframe><\/div>\n<h5>Quelques photos de la Foire de l&rsquo;ann\u00e9e derni\u00e8re (2025):<\/h5>\n<table id=\"mytable\">\n<tbody>\n<tr>\n<td><img loading=\"lazy\" decoding=\"async\" src=\"\/pages\/wp-content\/uploads\/2025\/04\/dbtec12.jpg\" alt=\"\" width=\"267\" height=\"356\" \/><\/td>\n<td><img loading=\"lazy\" decoding=\"async\" src=\"\/pages\/wp-content\/uploads\/2025\/04\/dbtec11.jpg\" alt=\"\" width=\"267\" height=\"356\" \/><\/td>\n<td><img loading=\"lazy\" decoding=\"async\" src=\"\/pages\/wp-content\/uploads\/2025\/04\/dbtec9.jpg\" alt=\"\" width=\"267\" height=\"356\" \/><\/td>\n<\/tr>\n<tr>\n<td><img loading=\"lazy\" decoding=\"async\" src=\"\/pages\/wp-content\/uploads\/2025\/04\/dbtec6.jpg\" alt=\"\" width=\"267\" height=\"356\" \/><\/td>\n<td><img loading=\"lazy\" decoding=\"async\" src=\"\/pages\/wp-content\/uploads\/2025\/04\/dbtec4.jpg\" alt=\"\" width=\"267\" height=\"356\" \/><\/td>\n<td><img loading=\"lazy\" decoding=\"async\" src=\"\/pages\/wp-content\/uploads\/2025\/04\/dbtec3.jpg\" alt=\"\" width=\"267\" height=\"356\" \/><\/td>\n<\/tr>\n<tr>\n<td><img loading=\"lazy\" decoding=\"async\" src=\"\/pages\/wp-content\/uploads\/2025\/04\/dbtec3.jpg\" alt=\"\" width=\"267\" height=\"355\" \/><\/td>\n<td><img loading=\"lazy\" decoding=\"async\" src=\"\/pages\/wp-content\/uploads\/2025\/04\/dbtec5.jpg\" alt=\"\" width=\"267\" height=\"356\" \/><\/td>\n<td><img loading=\"lazy\" decoding=\"async\" src=\"\/pages\/wp-content\/uploads\/2025\/04\/dbtec7.jpg\" alt=\"\" width=\"267\" height=\"356\" \/><\/td>\n<\/tr>\n<\/tbody>\n<\/table>\n<p>&nbsp;<\/p>\n","protected":false},"author":1,"featured_media":-1,"menu_order":0,"comment_status":"closed","ping_status":"closed","template":"","meta":[],"tags":[],"event_type":[],"event_type_2":[],"class_list":["post-54078","ajde_events","type-ajde_events","status-publish","has-post-thumbnail","hentry","event_location-dbtec-de-fort-liberte"],"yoast_head":"<!-- This site is optimized with the Yoast SEO plugin v27.4 - https:\/\/yoast.com\/product\/yoast-seo-wordpress\/ -->\n<title>Calendrier d&#039;Haiti &#187; Foire agro-artisanale: 7\u00e8 Edition de Journ\u00e9e Portes ouvertes \u00e0 la DBTec &#187; Haiti-R\u00e9f\u00e9rence<\/title>\n<meta name=\"robots\" content=\"index, follow, max-snippet:-1, max-image-preview:large, max-video-preview:-1\" \/>\n<link rel=\"canonical\" href=\"https:\/\/www.haiti-reference.info\/pages\/events\/20260501-foire-agro-artisanale-dbtec\/\" \/>\n<meta property=\"og:locale\" content=\"fr_CA\" \/>\n<meta property=\"og:type\" content=\"article\" \/>\n<meta property=\"og:title\" content=\"Calendrier d&#039;Haiti &#187; Foire agro-artisanale: 7\u00e8 Edition de Journ\u00e9e Portes ouvertes \u00e0 la DBTec &#187; Haiti-R\u00e9f\u00e9rence\" \/>\n<meta property=\"og:description\" content=\"La foire Agro-Industrielle \u00e0 la DBTec de Fort-Libert\u00e9 devient un rendez-vous annuel durant lequel les portes de ce campus sont ouvertes \u00e0 tous ceux et toutes celles qui veulent se [&hellip;]\" \/>\n<meta property=\"og:url\" content=\"https:\/\/www.haiti-reference.info\/pages\/events\/20260501-foire-agro-artisanale-dbtec\/\" \/>\n<meta property=\"og:site_name\" content=\"Haiti-R\u00e9f\u00e9rence\" \/>\n<meta property=\"article:modified_time\" content=\"2026-04-27T15:42:02+00:00\" \/>\n<meta name=\"twitter:card\" content=\"summary_large_image\" \/>\n<meta name=\"twitter:label1\" content=\"Estimation du temps de lecture\" \/>\n\t<meta name=\"twitter:data1\" content=\"1 minute\" \/>\n<script type=\"application\/ld+json\" class=\"yoast-schema-graph\">{\"@context\":\"https:\\\/\\\/schema.org\",\"@graph\":[{\"@type\":\"WebPage\",\"@id\":\"https:\\\/\\\/www.haiti-reference.info\\\/pages\\\/events\\\/20260501-foire-agro-artisanale-dbtec\\\/\",\"url\":\"https:\\\/\\\/www.haiti-reference.info\\\/pages\\\/events\\\/20260501-foire-agro-artisanale-dbtec\\\/\",\"name\":\"Calendrier d'Haiti &#187; Foire agro-artisanale: 7\u00e8 Edition de Journ\u00e9e Portes ouvertes \u00e0 la DBTec &#187; Haiti-R\u00e9f\u00e9rence\",\"isPartOf\":{\"@id\":\"https:\\\/\\\/www.haiti-reference.info\\\/pages\\\/#website\"},\"datePublished\":\"2026-04-26T18:46:54+00:00\",\"dateModified\":\"2026-04-27T15:42:02+00:00\",\"breadcrumb\":{\"@id\":\"https:\\\/\\\/www.haiti-reference.info\\\/pages\\\/events\\\/20260501-foire-agro-artisanale-dbtec\\\/#breadcrumb\"},\"inLanguage\":\"fr-CA\",\"potentialAction\":[{\"@type\":\"ReadAction\",\"target\":[\"https:\\\/\\\/www.haiti-reference.info\\\/pages\\\/events\\\/20260501-foire-agro-artisanale-dbtec\\\/\"]}]},{\"@type\":\"BreadcrumbList\",\"@id\":\"https:\\\/\\\/www.haiti-reference.info\\\/pages\\\/events\\\/20260501-foire-agro-artisanale-dbtec\\\/#breadcrumb\",\"itemListElement\":[{\"@type\":\"ListItem\",\"position\":1,\"name\":\"Accueil\",\"item\":\"https:\\\/\\\/www.haiti-reference.info\\\/pages\\\/\"},{\"@type\":\"ListItem\",\"position\":2,\"name\":\"Events\",\"item\":\"https:\\\/\\\/www.haiti-reference.info\\\/pages\\\/events\\\/\"},{\"@type\":\"ListItem\",\"position\":3,\"name\":\"Foire agro-artisanale: 7\u00e8 Edition de Journ\u00e9e Portes ouvertes \u00e0 la DBTec\"}]},{\"@type\":\"WebSite\",\"@id\":\"https:\\\/\\\/www.haiti-reference.info\\\/pages\\\/#website\",\"url\":\"https:\\\/\\\/www.haiti-reference.info\\\/pages\\\/\",\"name\":\"Haiti-R\u00e9f\u00e9rence\",\"description\":\"Un guide de r\u00e9f\u00e9rence\",\"publisher\":{\"@id\":\"https:\\\/\\\/www.haiti-reference.info\\\/pages\\\/#organization\"},\"potentialAction\":[{\"@type\":\"SearchAction\",\"target\":{\"@type\":\"EntryPoint\",\"urlTemplate\":\"https:\\\/\\\/www.haiti-reference.info\\\/pages\\\/?s={search_term_string}\"},\"query-input\":{\"@type\":\"PropertyValueSpecification\",\"valueRequired\":true,\"valueName\":\"search_term_string\"}}],\"inLanguage\":\"fr-CA\"},{\"@type\":\"Organization\",\"@id\":\"https:\\\/\\\/www.haiti-reference.info\\\/pages\\\/#organization\",\"name\":\"Haiti-R\u00e9f\u00e9rence\",\"url\":\"https:\\\/\\\/www.haiti-reference.info\\\/pages\\\/\",\"logo\":{\"@type\":\"ImageObject\",\"inLanguage\":\"fr-CA\",\"@id\":\"https:\\\/\\\/www.haiti-reference.info\\\/pages\\\/#\\\/schema\\\/logo\\\/image\\\/\",\"url\":\"https:\\\/\\\/www.haiti-reference.info\\\/pages\\\/wp-content\\\/uploads\\\/2016\\\/04\\\/cropped-cropped-logo_201604-8-1.png\",\"contentUrl\":\"https:\\\/\\\/www.haiti-reference.info\\\/pages\\\/wp-content\\\/uploads\\\/2016\\\/04\\\/cropped-cropped-logo_201604-8-1.png\",\"width\":338,\"height\":87,\"caption\":\"Haiti-R\u00e9f\u00e9rence\"},\"image\":{\"@id\":\"https:\\\/\\\/www.haiti-reference.info\\\/pages\\\/#\\\/schema\\\/logo\\\/image\\\/\"},\"sameAs\":[\"https:\\\/\\\/bsky.app\\\/profile\\\/haiti-reference.bsky.social\"]}]}<\/script>\n<!-- \/ Yoast SEO plugin. -->","yoast_head_json":{"title":"Calendrier d'Haiti &#187; Foire agro-artisanale: 7\u00e8 Edition de Journ\u00e9e Portes ouvertes \u00e0 la DBTec &#187; Haiti-R\u00e9f\u00e9rence","robots":{"index":"index","follow":"follow","max-snippet":"max-snippet:-1","max-image-preview":"max-image-preview:large","max-video-preview":"max-video-preview:-1"},"canonical":"https:\/\/www.haiti-reference.info\/pages\/events\/20260501-foire-agro-artisanale-dbtec\/","og_locale":"fr_CA","og_type":"article","og_title":"Calendrier d'Haiti &#187; Foire agro-artisanale: 7\u00e8 Edition de Journ\u00e9e Portes ouvertes \u00e0 la DBTec &#187; Haiti-R\u00e9f\u00e9rence","og_description":"La foire Agro-Industrielle \u00e0 la DBTec de Fort-Libert\u00e9 devient un rendez-vous annuel durant lequel les portes de ce campus sont ouvertes \u00e0 tous ceux et toutes celles qui veulent se [&hellip;]","og_url":"https:\/\/www.haiti-reference.info\/pages\/events\/20260501-foire-agro-artisanale-dbtec\/","og_site_name":"Haiti-R\u00e9f\u00e9rence","article_modified_time":"2026-04-27T15:42:02+00:00","twitter_card":"summary_large_image","twitter_misc":{"Estimation du temps de lecture":"1 minute"},"schema":{"@context":"https:\/\/schema.org","@graph":[{"@type":"WebPage","@id":"https:\/\/www.haiti-reference.info\/pages\/events\/20260501-foire-agro-artisanale-dbtec\/","url":"https:\/\/www.haiti-reference.info\/pages\/events\/20260501-foire-agro-artisanale-dbtec\/","name":"Calendrier d'Haiti &#187; Foire agro-artisanale: 7\u00e8 Edition de Journ\u00e9e Portes ouvertes \u00e0 la DBTec &#187; Haiti-R\u00e9f\u00e9rence","isPartOf":{"@id":"https:\/\/www.haiti-reference.info\/pages\/#website"},"datePublished":"2026-04-26T18:46:54+00:00","dateModified":"2026-04-27T15:42:02+00:00","breadcrumb":{"@id":"https:\/\/www.haiti-reference.info\/pages\/events\/20260501-foire-agro-artisanale-dbtec\/#breadcrumb"},"inLanguage":"fr-CA","potentialAction":[{"@type":"ReadAction","target":["https:\/\/www.haiti-reference.info\/pages\/events\/20260501-foire-agro-artisanale-dbtec\/"]}]},{"@type":"BreadcrumbList","@id":"https:\/\/www.haiti-reference.info\/pages\/events\/20260501-foire-agro-artisanale-dbtec\/#breadcrumb","itemListElement":[{"@type":"ListItem","position":1,"name":"Accueil","item":"https:\/\/www.haiti-reference.info\/pages\/"},{"@type":"ListItem","position":2,"name":"Events","item":"https:\/\/www.haiti-reference.info\/pages\/events\/"},{"@type":"ListItem","position":3,"name":"Foire agro-artisanale: 7\u00e8 Edition de Journ\u00e9e Portes ouvertes \u00e0 la DBTec"}]},{"@type":"WebSite","@id":"https:\/\/www.haiti-reference.info\/pages\/#website","url":"https:\/\/www.haiti-reference.info\/pages\/","name":"Haiti-R\u00e9f\u00e9rence","description":"Un guide de r\u00e9f\u00e9rence","publisher":{"@id":"https:\/\/www.haiti-reference.info\/pages\/#organization"},"potentialAction":[{"@type":"SearchAction","target":{"@type":"EntryPoint","urlTemplate":"https:\/\/www.haiti-reference.info\/pages\/?s={search_term_string}"},"query-input":{"@type":"PropertyValueSpecification","valueRequired":true,"valueName":"search_term_string"}}],"inLanguage":"fr-CA"},{"@type":"Organization","@id":"https:\/\/www.haiti-reference.info\/pages\/#organization","name":"Haiti-R\u00e9f\u00e9rence","url":"https:\/\/www.haiti-reference.info\/pages\/","logo":{"@type":"ImageObject","inLanguage":"fr-CA","@id":"https:\/\/www.haiti-reference.info\/pages\/#\/schema\/logo\/image\/","url":"https:\/\/www.haiti-reference.info\/pages\/wp-content\/uploads\/2016\/04\/cropped-cropped-logo_201604-8-1.png","contentUrl":"https:\/\/www.haiti-reference.info\/pages\/wp-content\/uploads\/2016\/04\/cropped-cropped-logo_201604-8-1.png","width":338,"height":87,"caption":"Haiti-R\u00e9f\u00e9rence"},"image":{"@id":"https:\/\/www.haiti-reference.info\/pages\/#\/schema\/logo\/image\/"},"sameAs":["https:\/\/bsky.app\/profile\/haiti-reference.bsky.social"]}]}},"_links":{"self":[{"href":"https:\/\/www.haiti-reference.info\/pages\/wp-json\/wp\/v2\/ajde_events\/54078","targetHints":{"allow":["GET"]}}],"collection":[{"href":"https:\/\/www.haiti-reference.info\/pages\/wp-json\/wp\/v2\/ajde_events"}],"about":[{"href":"https:\/\/www.haiti-reference.info\/pages\/wp-json\/wp\/v2\/types\/ajde_events"}],"author":[{"embeddable":true,"href":"https:\/\/www.haiti-reference.info\/pages\/wp-json\/wp\/v2\/users\/1"}],"replies":[{"embeddable":true,"href":"https:\/\/www.haiti-reference.info\/pages\/wp-json\/wp\/v2\/comments?post=54078"}],"wp:featuredmedia":[{"embeddable":true,"href":"https:\/\/www.haiti-reference.info\/pages\/wp-json\/"}],"wp:attachment":[{"href":"https:\/\/www.haiti-reference.info\/pages\/wp-json\/wp\/v2\/media?parent=54078"}],"wp:term":[{"taxonomy":"post_tag","embeddable":true,"href":"https:\/\/www.haiti-reference.info\/pages\/wp-json\/wp\/v2\/tags?post=54078"},{"taxonomy":"event_type","embeddable":true,"href":"https:\/\/www.haiti-reference.info\/pages\/wp-json\/wp\/v2\/event_type?post=54078"},{"taxonomy":"event_type_2","embeddable":true,"href":"https:\/\/www.haiti-reference.info\/pages\/wp-json\/wp\/v2\/event_type_2?post=54078"}],"curies":[{"name":"wp","href":"https:\/\/api.w.org\/{rel}","templated":true}]}}